{"id":4288,"date":"2020-05-06T11:17:30","date_gmt":"2020-05-06T09:17:30","guid":{"rendered":"https:\/\/www.mets-de-provence.fr\/?page_id=4288"},"modified":"2020-05-06T11:17:30","modified_gmt":"2020-05-06T09:17:30","slug":"data-protection","status":"publish","type":"page","link":"https:\/\/www.mets-de-provence.fr\/en\/data-protection","title":{"rendered":"Data protection"},"content":{"rendered":"<div class=\"wpb-content-wrapper\"><p>[vc_row full_width=&#8221;stretch_row_content_no_spaces&#8221; el_class=&#8221;replacebg&#8221; css=&#8221;.vc_custom_1574435615321{padding-top: 250px !important;padding-bottom: 250px !important;background-image: url(https:\/\/www.mets-de-provence.fr\/wp-content\/uploads\/2019\/11\/Gabarit_slider_a_propos.jpg?id=3100) !important;background-position: center !important;background-repeat: no-repeat !important;background-size: cover !important;}&#8221; mobile_bg_img_hidden=&#8221;no&#8221; tablet_bg_img_hidden=&#8221;no&#8221; woodmart_parallax=&#8221;0&#8243; woodmart_gradient_switch=&#8221;no&#8221; row_reverse_mobile=&#8221;0&#8243; row_reverse_tablet=&#8221;0&#8243; woodmart_disable_overflow=&#8221;0&#8243;][vc_column][\/vc_column][\/vc_row][vc_row][vc_column][vc_column_text text_larger=&#8221;no&#8221; el_class=&#8221;fontbasilh&#8221;]<\/p>\n<h1 style=\"text-align: center;\">Conformite RGPD<\/h1>\n<p>[\/vc_column_text][vc_column_text text_larger=&#8221;no&#8221;]<strong>Les Mets de Provence s&#8217;engage \u00e0 ce que la collecte et le traitement de vos donn\u00e9es, effectu\u00e9s \u00e0 partir du site http:\/\/mets-de-provence.fr\/ soient conformes au r\u00e8glement g\u00e9n\u00e9ral sur la protection des donn\u00e9es (RGPD) et \u00e0 la loi Informatique et Libert\u00e9s.<\/strong><\/p>\n<p>Chaque formulaire\u00a0ou t\u00e9l\u00e9service limite la collecte des donn\u00e9es personnelles au strict n\u00e9cessaire afin de respecter la minimisation des donn\u00e9es et indique :<\/p>\n<ul>\n<li>quels sont les objectifs du recueil de ces donn\u00e9es ;<\/li>\n<li>si ces donn\u00e9es sont obligatoires ou facultatives pour la gestion de votre demande ;<\/li>\n<li>qui pourra en prendre connaissance: uniquement <strong>Les Mets de Provence<\/strong><\/li>\n<\/ul>\n<p>Les donn\u00e9es personnelles recueillies dans le cadre des services propos\u00e9s sur http:\/\/mets-de-provence.fr sont trait\u00e9es selon des protocoles s\u00e9curis\u00e9s et permettent \u00e0 <strong>Les Mets de Provence<\/strong>\u00a0de g\u00e9rer les demandes re\u00e7ues dans ses applications informatiques (Emails, CRM).<\/p>\n<p>Pour toute information ou exercice de vos droits Informatique et Libert\u00e9s sur les traitements de donn\u00e9es personnelles g\u00e9r\u00e9s par <strong>Les Mets de Provence<\/strong>, vous pouvez contacter son d\u00e9l\u00e9gu\u00e9 \u00e0 la protection des donn\u00e9es (DPO) :<\/p>\n<ul>\n<li><a href=\"\/formulaire-dacces-aux-informations\">par ce formulaire<\/a><\/li>\n<li>ou par courrier sign\u00e9 et accompagn\u00e9 de la copie d\u2019un titre d\u2019identit\u00e9 et d&#8217;un email \u00e0 l&#8217;adresse suivante : Avenue Fr\u00e9d\u00e9ric Passy 11 492 Castelnaudary \u2013 France<\/li>\n<\/ul>\n<h2>Dur\u00e9e de conservation des donn\u00e9es<\/h2>\n<table style=\"width: 1057px;\" cellspacing=\"0\" cellpadding=\"10\">\n<tbody>\n<tr>\n<th style=\"width: 100%;\" colspan=\"2\">Dur\u00e9es d&#8217;utilit\u00e9 administrative (DUA) applicables aux formulaires ou t\u00e9l\u00e9services g\u00e9r\u00e9es par <strong>Les Mets de Provence<\/strong><strong>\u00a0<\/strong>.<br \/>\nLa DUA couvre la dur\u00e9e de conservation en base active et en archives internes.<\/th>\n<\/tr>\n<tr>\n<td style=\"width: 50%;\"><\/td>\n<td style=\"width: 50%;\"><\/td>\n<\/tr>\n<tr>\n<th style=\"width: 50%;\">Proc\u00e9dure<\/th>\n<th style=\"width: 50%;\">DUA des informations collect\u00e9es dans le cadre de la proc\u00e9dure<\/th>\n<\/tr>\n<tr>\n<td style=\"width: 50%;\">Lettre d &#8216;information<\/td>\n<td style=\"width: 50%;\">3 mois apr\u00e8s la date de d\u00e9sinscription<\/td>\n<\/tr>\n<tr>\n<td style=\"width: 50%;\">Demande d&#8217;information (formulaire de contact, demande de devis et rendez-vous)<\/td>\n<td style=\"width: 50%;\">3 ans apr\u00e8s la cl\u00f4ture de la demande<\/td>\n<\/tr>\n<tr>\n<td style=\"width: 50%;\">Gestion des donn\u00e9es clients<\/td>\n<td style=\"width: 50%;\">\u00a05 ans apr\u00e8s la cl\u00f4ture du dossier client<\/td>\n<\/tr>\n<tr>\n<td style=\"width: 50%;\">Donn\u00e9es de ressources humaines<\/td>\n<td style=\"width: 50%;\">10 ans apr\u00e8s la cl\u00f4ture du dossier<\/td>\n<\/tr>\n<\/tbody>\n<\/table>\n<h2><a href=\"\/informations-relatives-aux-cookies\/\">A propos des cookies\u00a0<\/a><\/h2>\n<p>[\/vc_column_text][\/vc_column][\/vc_row]<\/p>\n<\/div>","protected":false},"excerpt":{"rendered":"<p>[vc_row full_width=&#8221;stretch_row_content_no_spaces&#8221; el_class=&#8221;replacebg&#8221; css=&#8221;.vc_custom_1574435615321{padding-top: 250px !important;padding-bottom: 250px !important;background-image: url(https:\/\/www.mets-de-provence.fr\/wp-content\/uploads\/2019\/11\/Gabarit_slider_a_propos.jpg?id=3100) !important;background-position: center !important;background-repeat: no-repeat !important;background-size: cover !important;}&#8221; mobile_bg_img_hidden=&#8221;no&#8221; tablet_bg_img_hidden=&#8221;no&#8221; woodmart_parallax=&#8221;0&#8243; woodmart_gradient_switch=&#8221;no&#8221;<\/p>\n","protected":false},"author":1,"featured_media":0,"parent":0,"menu_order":0,"comment_status":"closed","ping_status":"closed","template":"","meta":{"_acf_changed":false,"footnotes":""},"class_list":["post-4288","page","type-page","status-publish","hentry"],"acf":[],"yoast_head":"<!-- This site is optimized with the Yoast SEO plugin v27.4 - https:\/\/yoast.com\/product\/yoast-seo-wordpress\/ -->\n<title>Data protection - Les Mets De Provence<\/title>\n<meta name=\"description\" content=\"Conformite RGPD Les Mets de Provence s&#039;engage \u00e0 ce que la collecte et le traitement de vos donn\u00e9es, effectu\u00e9s \u00e0 partir du site http:\/\/mets-de-provence.fr\/ Data protection, des recettes naturelles et biologiques, gourmandes et authentiques Les Mets De Provence\" \/>\n<meta name=\"robots\" content=\"index, follow, max-snippet:-1, max-image-preview:large, max-video-preview:-1\" \/>\n<link rel=\"canonical\" href=\"https:\/\/www.mets-de-provence.fr\/protection-des-donnees\" \/>\n<meta property=\"og:locale\" content=\"en_US\" \/>\n<meta property=\"og:type\" content=\"article\" \/>\n<meta property=\"og:title\" content=\"Data protection - Les Mets De Provence\" \/>\n<meta property=\"og:description\" content=\"Conformite RGPD Les Mets de Provence s&#039;engage \u00e0 ce que la collecte et le traitement de vos donn\u00e9es, effectu\u00e9s \u00e0 partir du site http:\/\/mets-de-provence.fr\/ Data protection, des recettes naturelles et biologiques, gourmandes et authentiques Les Mets De Provence\" \/>\n<meta property=\"og:url\" content=\"https:\/\/www.mets-de-provence.fr\/protection-des-donnees\" \/>\n<meta property=\"og:site_name\" content=\"Les Mets De Provence\" \/>\n<meta property=\"article:publisher\" content=\"https:\/\/www.facebook.com\/metsdeprovenceofficiel\/\" \/>\n<meta property=\"og:image\" content=\"https:\/\/www.mets-de-provence.fr\/wp-content\/uploads\/2019\/11\/Logo_Mets_de_Provence.png\" \/>\n\t<meta property=\"og:image:width\" content=\"354\" \/>\n\t<meta property=\"og:image:height\" content=\"243\" \/>\n\t<meta property=\"og:image:type\" content=\"image\/png\" \/>\n<meta name=\"twitter:card\" content=\"summary_large_image\" \/>\n<meta name=\"twitter:label1\" content=\"Est. reading time\" \/>\n\t<meta name=\"twitter:data1\" content=\"2 minutes\" \/>\n<script type=\"application\/ld+json\" class=\"yoast-schema-graph\">{\"@context\":\"https:\\\/\\\/schema.org\",\"@graph\":[{\"@type\":\"WebPage\",\"@id\":\"https:\\\/\\\/www.mets-de-provence.fr\\\/protection-des-donnees\",\"url\":\"https:\\\/\\\/www.mets-de-provence.fr\\\/protection-des-donnees\",\"name\":\"Data protection - Les Mets De Provence\",\"isPartOf\":{\"@id\":\"https:\\\/\\\/www.mets-de-provence.fr\\\/#website\"},\"datePublished\":\"2020-05-06T09:17:30+00:00\",\"description\":\"Conformite RGPD Les Mets de Provence s'engage \u00e0 ce que la collecte et le traitement de vos donn\u00e9es, effectu\u00e9s \u00e0 partir du site http:\\\/\\\/mets-de-provence.fr\\\/ Data protection, des recettes naturelles et biologiques, gourmandes et authentiques Les Mets De Provence\",\"breadcrumb\":{\"@id\":\"https:\\\/\\\/www.mets-de-provence.fr\\\/protection-des-donnees#breadcrumb\"},\"inLanguage\":\"en-US\",\"potentialAction\":[{\"@type\":\"ReadAction\",\"target\":[\"https:\\\/\\\/www.mets-de-provence.fr\\\/protection-des-donnees\"]}]},{\"@type\":\"BreadcrumbList\",\"@id\":\"https:\\\/\\\/www.mets-de-provence.fr\\\/protection-des-donnees#breadcrumb\",\"itemListElement\":[{\"@type\":\"ListItem\",\"position\":1,\"name\":\"Home\",\"item\":\"https:\\\/\\\/www.mets-de-provence.fr\\\/\"},{\"@type\":\"ListItem\",\"position\":2,\"name\":\"Data protection\"}]},{\"@type\":\"WebSite\",\"@id\":\"https:\\\/\\\/www.mets-de-provence.fr\\\/#website\",\"url\":\"https:\\\/\\\/www.mets-de-provence.fr\\\/\",\"name\":\"Les Mets De Provence\",\"description\":\"des recettes naturelles et biologiques, gourmandes et authentiques\",\"publisher\":{\"@id\":\"https:\\\/\\\/www.mets-de-provence.fr\\\/#organization\"},\"potentialAction\":[{\"@type\":\"SearchAction\",\"target\":{\"@type\":\"EntryPoint\",\"urlTemplate\":\"https:\\\/\\\/www.mets-de-provence.fr\\\/?s={search_term_string}\"},\"query-input\":{\"@type\":\"PropertyValueSpecification\",\"valueRequired\":true,\"valueName\":\"search_term_string\"}}],\"inLanguage\":\"en-US\"},{\"@type\":\"Organization\",\"@id\":\"https:\\\/\\\/www.mets-de-provence.fr\\\/#organization\",\"name\":\"Les mets de Provence\",\"url\":\"https:\\\/\\\/www.mets-de-provence.fr\\\/\",\"logo\":{\"@type\":\"ImageObject\",\"inLanguage\":\"en-US\",\"@id\":\"https:\\\/\\\/www.mets-de-provence.fr\\\/#\\\/schema\\\/logo\\\/image\\\/\",\"url\":\"https:\\\/\\\/www.mets-de-provence.fr\\\/wp-content\\\/uploads\\\/2019\\\/11\\\/Logo_Mets_de_Provence.png\",\"contentUrl\":\"https:\\\/\\\/www.mets-de-provence.fr\\\/wp-content\\\/uploads\\\/2019\\\/11\\\/Logo_Mets_de_Provence.png\",\"width\":354,\"height\":243,\"caption\":\"Les mets de Provence\"},\"image\":{\"@id\":\"https:\\\/\\\/www.mets-de-provence.fr\\\/#\\\/schema\\\/logo\\\/image\\\/\"},\"sameAs\":[\"https:\\\/\\\/www.facebook.com\\\/metsdeprovenceofficiel\\\/\",\"https:\\\/\\\/www.instagram.com\\\/lesmetsdeprovence\\\/?hl=fr\",\"https:\\\/\\\/www.linkedin.com\\\/company\\\/les-mets-de-provence\\\/about\\\/\"]}]}<\/script>\n<!-- \/ Yoast SEO plugin. -->","yoast_head_json":{"title":"Data protection - Les Mets De Provence","description":"Conformite RGPD Les Mets de Provence s'engage \u00e0 ce que la collecte et le traitement de vos donn\u00e9es, effectu\u00e9s \u00e0 partir du site http:\/\/mets-de-provence.fr\/ Data protection, des recettes naturelles et biologiques, gourmandes et authentiques Les Mets De Provence","robots":{"index":"index","follow":"follow","max-snippet":"max-snippet:-1","max-image-preview":"max-image-preview:large","max-video-preview":"max-video-preview:-1"},"canonical":"https:\/\/www.mets-de-provence.fr\/protection-des-donnees","og_locale":"en_US","og_type":"article","og_title":"Data protection - Les Mets De Provence","og_description":"Conformite RGPD Les Mets de Provence s'engage \u00e0 ce que la collecte et le traitement de vos donn\u00e9es, effectu\u00e9s \u00e0 partir du site http:\/\/mets-de-provence.fr\/ Data protection, des recettes naturelles et biologiques, gourmandes et authentiques Les Mets De Provence","og_url":"https:\/\/www.mets-de-provence.fr\/protection-des-donnees","og_site_name":"Les Mets De Provence","article_publisher":"https:\/\/www.facebook.com\/metsdeprovenceofficiel\/","og_image":[{"width":354,"height":243,"url":"https:\/\/www.mets-de-provence.fr\/wp-content\/uploads\/2019\/11\/Logo_Mets_de_Provence.png","type":"image\/png"}],"twitter_card":"summary_large_image","twitter_misc":{"Est. reading time":"2 minutes"},"schema":{"@context":"https:\/\/schema.org","@graph":[{"@type":"WebPage","@id":"https:\/\/www.mets-de-provence.fr\/protection-des-donnees","url":"https:\/\/www.mets-de-provence.fr\/protection-des-donnees","name":"Data protection - Les Mets De Provence","isPartOf":{"@id":"https:\/\/www.mets-de-provence.fr\/#website"},"datePublished":"2020-05-06T09:17:30+00:00","description":"Conformite RGPD Les Mets de Provence s'engage \u00e0 ce que la collecte et le traitement de vos donn\u00e9es, effectu\u00e9s \u00e0 partir du site http:\/\/mets-de-provence.fr\/ Data protection, des recettes naturelles et biologiques, gourmandes et authentiques Les Mets De Provence","breadcrumb":{"@id":"https:\/\/www.mets-de-provence.fr\/protection-des-donnees#breadcrumb"},"inLanguage":"en-US","potentialAction":[{"@type":"ReadAction","target":["https:\/\/www.mets-de-provence.fr\/protection-des-donnees"]}]},{"@type":"BreadcrumbList","@id":"https:\/\/www.mets-de-provence.fr\/protection-des-donnees#breadcrumb","itemListElement":[{"@type":"ListItem","position":1,"name":"Home","item":"https:\/\/www.mets-de-provence.fr\/"},{"@type":"ListItem","position":2,"name":"Data protection"}]},{"@type":"WebSite","@id":"https:\/\/www.mets-de-provence.fr\/#website","url":"https:\/\/www.mets-de-provence.fr\/","name":"Les Mets De Provence","description":"des recettes naturelles et biologiques, gourmandes et authentiques","publisher":{"@id":"https:\/\/www.mets-de-provence.fr\/#organization"},"potentialAction":[{"@type":"SearchAction","target":{"@type":"EntryPoint","urlTemplate":"https:\/\/www.mets-de-provence.fr\/?s={search_term_string}"},"query-input":{"@type":"PropertyValueSpecification","valueRequired":true,"valueName":"search_term_string"}}],"inLanguage":"en-US"},{"@type":"Organization","@id":"https:\/\/www.mets-de-provence.fr\/#organization","name":"Les mets de Provence","url":"https:\/\/www.mets-de-provence.fr\/","logo":{"@type":"ImageObject","inLanguage":"en-US","@id":"https:\/\/www.mets-de-provence.fr\/#\/schema\/logo\/image\/","url":"https:\/\/www.mets-de-provence.fr\/wp-content\/uploads\/2019\/11\/Logo_Mets_de_Provence.png","contentUrl":"https:\/\/www.mets-de-provence.fr\/wp-content\/uploads\/2019\/11\/Logo_Mets_de_Provence.png","width":354,"height":243,"caption":"Les mets de Provence"},"image":{"@id":"https:\/\/www.mets-de-provence.fr\/#\/schema\/logo\/image\/"},"sameAs":["https:\/\/www.facebook.com\/metsdeprovenceofficiel\/","https:\/\/www.instagram.com\/lesmetsdeprovence\/?hl=fr","https:\/\/www.linkedin.com\/company\/les-mets-de-provence\/about\/"]}]}},"_links":{"self":[{"href":"https:\/\/www.mets-de-provence.fr\/en\/wp-json\/wp\/v2\/pages\/4288","targetHints":{"allow":["GET"]}}],"collection":[{"href":"https:\/\/www.mets-de-provence.fr\/en\/wp-json\/wp\/v2\/pages"}],"about":[{"href":"https:\/\/www.mets-de-provence.fr\/en\/wp-json\/wp\/v2\/types\/page"}],"author":[{"embeddable":true,"href":"https:\/\/www.mets-de-provence.fr\/en\/wp-json\/wp\/v2\/users\/1"}],"replies":[{"embeddable":true,"href":"https:\/\/www.mets-de-provence.fr\/en\/wp-json\/wp\/v2\/comments?post=4288"}],"version-history":[{"count":1,"href":"https:\/\/www.mets-de-provence.fr\/en\/wp-json\/wp\/v2\/pages\/4288\/revisions"}],"predecessor-version":[{"id":4289,"href":"https:\/\/www.mets-de-provence.fr\/en\/wp-json\/wp\/v2\/pages\/4288\/revisions\/4289"}],"wp:attachment":[{"href":"https:\/\/www.mets-de-provence.fr\/en\/wp-json\/wp\/v2\/media?parent=4288"}],"curies":[{"name":"wp","href":"https:\/\/api.w.org\/{rel}","templated":true}]}}